{"id":408,"date":"2020-02-10T11:43:18","date_gmt":"2020-02-10T11:43:18","guid":{"rendered":"http:\/\/javierzarzalejos.wp01.200wp.com\/?page_id=408"},"modified":"2025-09-30T15:41:23","modified_gmt":"2025-09-30T13:41:23","slug":"inicio","status":"publish","type":"page","link":"https:\/\/javierzarzalejos.eu\/en\/","title":{"rendered":"Inicio"},"content":{"rendered":"\n\n\t\n\t\t\t<!-- START Home espa\u00f1ol REVOLUTION SLIDER 6.7.38 --><p class=\"rs-p-wp-fix\"><\/p>\n\t\t\t<rs-module-wrap id=\"rev_slider_1_1_wrapper\" data-source=\"gallery\" style=\"visibility:hidden;background:transparent;padding:0;margin:0px auto;margin-top:0;margin-bottom:0;\">\n\t\t\t\t<rs-module id=\"rev_slider_1_1\" style=\"\" data-version=\"6.7.38\">\n\t\t\t\t\t<rs-slides style=\"overflow: hidden; position: absolute;\">\n\t\t\t\t\t\t<rs-slide style=\"position: absolute;\" data-key=\"rs-31\" data-title=\"Slide\" data-thumb=\"\/\/javierzarzalejos.eu\/wp-content\/uploads\/2024\/07\/JURAMENTO1-1-100x50.jpeg\" data-anim=\"adpr:false;\" data-in=\"o:0;\" data-out=\"a:false;\">\n\t\t\t\t\t\t\t<img decoding=\"async\" src=\"\/\/javierzarzalejos.eu\/wp-content\/plugins\/revslider\/sr6\/assets\/assets\/dummy.png\" alt=\"\" title=\"JURAMENTO1\" width=\"828\" height=\"546\" class=\"rev-slidebg tp-rs-img rs-lazyload\" data-lazyload=\"\/\/javierzarzalejos.eu\/wp-content\/uploads\/2024\/07\/JURAMENTO1-1.jpeg\" data-bg=\"p:0% 20%;\" data-no-retina>\n<!--\n\t\t\t\t\t\t\t--><a\n\t\t\t\t\t\t\t\tid=\"slider-1-slide-31-layer-1\" \n\t\t\t\t\t\t\t\tclass=\"rs-layer rev-btn\"\n\t\t\t\t\t\t\t\thref=\"https:\/\/javierzarzalejos.eu\/2024\/07\/01\/juramento-de-acatamiento-a-la-constitucion\/\" target=\"_self\" rel=\"nofollow\"\n\t\t\t\t\t\t\t\tdata-type=\"button\"\n\t\t\t\t\t\t\t\tdata-rsp_ch=\"on\"\n\t\t\t\t\t\t\t\tdata-xy=\"x:c;xo:-322px,385px,0,-14px;y:m;yo:53px,117px,-344px,-226px;\"\n\t\t\t\t\t\t\t\tdata-text=\"w:normal;s:17,19,14,8;l:40,45,34,30;a:center;\"\n\t\t\t\t\t\t\t\tdata-dim=\"minh:0px,none,none,none;\"\n\t\t\t\t\t\t\t\tdata-padding=\"r:25,28,21,13;l:25,28,21,13;\"\n\t\t\t\t\t\t\t\tdata-frame_1=\"st:1500;sp:1000;\"\n\t\t\t\t\t\t\t\tdata-frame_999=\"o:0;st:w;\"\n\t\t\t\t\t\t\t\tdata-frame_hover=\"c:#fff;bgc:#007aff;bor:0px,0px,0px,0px;bri:120%;\"\n\t\t\t\t\t\t\t\tstyle=\"z-index:6;background-color:#0155a0;font-family:'Roboto';\"\n\t\t\t\t\t\t\t>Saber m\u00e1s   <i class=\"fa-search\"><\/i> \n\t\t\t\t\t\t\t<\/a><!--\n\n\t\t\t\t\t\t\t--><rs-layer\n\t\t\t\t\t\t\t\tid=\"slider-1-slide-31-layer-2\" \n\t\t\t\t\t\t\t\tdata-type=\"text\"\n\t\t\t\t\t\t\t\tdata-color=\"#fff\"\n\t\t\t\t\t\t\t\tdata-rsp_ch=\"on\"\n\t\t\t\t\t\t\t\tdata-xy=\"x:c;xo:-174px,11px,0,-10px;y:m;yo:128px,38px,-410px,-285px;\"\n\t\t\t\t\t\t\t\tdata-text=\"w:normal;s:20,22,16,9;l:25,28,21,12;ls:2,2,1,0;a:center;\"\n\t\t\t\t\t\t\t\tdata-dim=\"w:446px,90%,90%,306px;minh:0px,none,none,none;\"\n\t\t\t\t\t\t\t\tdata-padding=\"t:10,11,8,5;b:10,11,8,5;\"\n\t\t\t\t\t\t\t\tdata-frame_1=\"st:400;sp:1000;\"\n\t\t\t\t\t\t\t\tdata-frame_999=\"o:0;st:w;\"\n\t\t\t\t\t\t\t\tstyle=\"z-index:5;background-color:#0155a0;font-family:'Roboto';\"\n\t\t\t\t\t\t\t>JURAMENTO DE ACATAMIENTO A LA CONSTITUCI\u00d3N \n\t\t\t\t\t\t\t<\/rs-layer><!--\n-->\t\t\t\t\t<\/rs-slide>\n\t\t\t\t\t\t<rs-slide style=\"position: absolute;\" data-key=\"rs-32\" data-title=\"Slide\" data-thumb=\"\/\/javierzarzalejos.eu\/wp-content\/uploads\/2024\/07\/CASCAIS1-100x50.jpeg\" data-anim=\"adpr:false;\" data-in=\"o:0;\" data-out=\"a:false;\">\n\t\t\t\t\t\t\t<img decoding=\"async\" src=\"\/\/javierzarzalejos.eu\/wp-content\/plugins\/revslider\/sr6\/assets\/assets\/dummy.png\" alt=\"\" title=\"CASCAIS1\" width=\"2048\" height=\"1536\" class=\"rev-slidebg tp-rs-img rs-lazyload\" data-lazyload=\"\/\/javierzarzalejos.eu\/wp-content\/uploads\/2024\/07\/CASCAIS1.jpeg\" data-bg=\"p:0% 80%;\" data-no-retina>\n<!--\n\t\t\t\t\t\t\t--><a\n\t\t\t\t\t\t\t\tid=\"slider-1-slide-32-layer-1\" \n\t\t\t\t\t\t\t\tclass=\"rs-layer rev-btn\"\n\t\t\t\t\t\t\t\thref=\"https:\/\/javierzarzalejos.eu\/2024\/07\/01\/reunion-ppe-en-cascais\/\" target=\"_self\" rel=\"nofollow\"\n\t\t\t\t\t\t\t\tdata-type=\"button\"\n\t\t\t\t\t\t\t\tdata-rsp_ch=\"on\"\n\t\t\t\t\t\t\t\tdata-xy=\"x:c;xo:337px,385px,0,-14px;y:m;yo:85px,117px,-344px,-226px;\"\n\t\t\t\t\t\t\t\tdata-text=\"w:normal;s:17,19,14,8;l:40,45,34,30;a:center;\"\n\t\t\t\t\t\t\t\tdata-dim=\"minh:0px,none,none,none;\"\n\t\t\t\t\t\t\t\tdata-padding=\"r:25,28,21,13;l:25,28,21,13;\"\n\t\t\t\t\t\t\t\tdata-frame_1=\"st:1500;sp:1000;\"\n\t\t\t\t\t\t\t\tdata-frame_999=\"o:0;st:w;\"\n\t\t\t\t\t\t\t\tdata-frame_hover=\"c:#fff;bgc:#007aff;bor:0px,0px,0px,0px;bri:120%;\"\n\t\t\t\t\t\t\t\tstyle=\"z-index:6;background-color:#0155a0;font-family:'Roboto';\"\n\t\t\t\t\t\t\t>Saber m\u00e1s   <i class=\"fa-search\"><\/i> \n\t\t\t\t\t\t\t<\/a><!--\n\n\t\t\t\t\t\t\t--><rs-layer\n\t\t\t\t\t\t\t\tid=\"slider-1-slide-32-layer-2\" \n\t\t\t\t\t\t\t\tdata-type=\"text\"\n\t\t\t\t\t\t\t\tdata-color=\"#fff\"\n\t\t\t\t\t\t\t\tdata-rsp_ch=\"on\"\n\t\t\t\t\t\t\t\tdata-xy=\"x:c;xo:190px,11px,0,-10px;y:m;yo:152px,38px,-410px,-285px;\"\n\t\t\t\t\t\t\t\tdata-text=\"w:normal;s:20,22,16,9;l:25,28,21,12;ls:2,2,1,0;a:center;\"\n\t\t\t\t\t\t\t\tdata-dim=\"w:446px,90%,90%,306px;minh:0px,none,none,none;\"\n\t\t\t\t\t\t\t\tdata-padding=\"t:10,11,8,5;b:10,11,8,5;\"\n\t\t\t\t\t\t\t\tdata-frame_1=\"st:400;sp:1000;\"\n\t\t\t\t\t\t\t\tdata-frame_999=\"o:0;st:w;\"\n\t\t\t\t\t\t\t\tstyle=\"z-index:5;background-color:#0155a0;font-family:'Roboto';\"\n\t\t\t\t\t\t\t>REUNI\u00d3N DEL PPE EN CASC\u00c1IS \n\t\t\t\t\t\t\t<\/rs-layer><!--\n-->\t\t\t\t\t<\/rs-slide>\n\t\t\t\t\t\t<rs-slide style=\"position: absolute;\" data-key=\"rs-28\" data-title=\"Slide\" data-thumb=\"\/\/javierzarzalejos.eu\/wp-content\/uploads\/2024\/05\/ACTO-DE-CAMPANA-ELECCIONES-EUROPEAS-EN-SAN-SEBASTIAN1-1-100x50.jpg\" data-anim=\"adpr:false;\" data-in=\"o:0;\" data-out=\"a:false;\">\n\t\t\t\t\t\t\t<img decoding=\"async\" src=\"\/\/javierzarzalejos.eu\/wp-content\/plugins\/revslider\/sr6\/assets\/assets\/dummy.png\" alt=\"\" title=\"ACTO DE CAMPA\u00d1A ELECCIONES EUROPEAS EN SAN SEBASTI\u00c1N1\" width=\"1280\" height=\"907\" class=\"rev-slidebg tp-rs-img rs-lazyload\" data-lazyload=\"\/\/javierzarzalejos.eu\/wp-content\/uploads\/2024\/05\/ACTO-DE-CAMPANA-ELECCIONES-EUROPEAS-EN-SAN-SEBASTIAN1-1.jpg\" data-no-retina>\n<!--\n\t\t\t\t\t\t\t--><a\n\t\t\t\t\t\t\t\tid=\"slider-1-slide-28-layer-1\" \n\t\t\t\t\t\t\t\tclass=\"rs-layer rev-btn\"\n\t\t\t\t\t\t\t\thref=\"https:\/\/javierzarzalejos.eu\/2024\/05\/28\/acto-de-campana-elecciones-europeas-en-san-sebastian\/\" target=\"_self\" rel=\"nofollow\"\n\t\t\t\t\t\t\t\tdata-type=\"button\"\n\t\t\t\t\t\t\t\tdata-rsp_ch=\"on\"\n\t\t\t\t\t\t\t\tdata-xy=\"x:c;xo:-322px,385px,0,-14px;y:m;yo:53px,117px,-344px,-226px;\"\n\t\t\t\t\t\t\t\tdata-text=\"w:normal;s:17,19,14,8;l:40,45,34,30;a:center;\"\n\t\t\t\t\t\t\t\tdata-dim=\"minh:0px,none,none,none;\"\n\t\t\t\t\t\t\t\tdata-padding=\"r:25,28,21,13;l:25,28,21,13;\"\n\t\t\t\t\t\t\t\tdata-frame_1=\"st:1500;sp:1000;\"\n\t\t\t\t\t\t\t\tdata-frame_999=\"o:0;st:w;\"\n\t\t\t\t\t\t\t\tdata-frame_hover=\"c:#fff;bgc:#007aff;bor:0px,0px,0px,0px;bri:120%;\"\n\t\t\t\t\t\t\t\tstyle=\"z-index:6;background-color:#0155a0;font-family:'Roboto';\"\n\t\t\t\t\t\t\t>Saber m\u00e1s   <i class=\"fa-search\"><\/i> \n\t\t\t\t\t\t\t<\/a><!--\n\n\t\t\t\t\t\t\t--><rs-layer\n\t\t\t\t\t\t\t\tid=\"slider-1-slide-28-layer-2\" \n\t\t\t\t\t\t\t\tdata-type=\"text\"\n\t\t\t\t\t\t\t\tdata-color=\"#fff\"\n\t\t\t\t\t\t\t\tdata-rsp_ch=\"on\"\n\t\t\t\t\t\t\t\tdata-xy=\"x:c;xo:-174px,11px,0,-10px;y:m;yo:128px,38px,-410px,-285px;\"\n\t\t\t\t\t\t\t\tdata-text=\"w:normal;s:20,22,16,9;l:25,28,21,12;ls:2,2,1,0;a:center;\"\n\t\t\t\t\t\t\t\tdata-dim=\"w:446px,90%,90%,306px;minh:0px,none,none,none;\"\n\t\t\t\t\t\t\t\tdata-padding=\"t:10,11,8,5;b:10,11,8,5;\"\n\t\t\t\t\t\t\t\tdata-frame_1=\"st:400;sp:1000;\"\n\t\t\t\t\t\t\t\tdata-frame_999=\"o:0;st:w;\"\n\t\t\t\t\t\t\t\tstyle=\"z-index:5;background-color:#0155a0;font-family:'Roboto';\"\n\t\t\t\t\t\t\t>ACTO DE CAMPA\u00d1A ELECCIONES EUROPEAS EN SAN SEBASTI\u00c1N \n\t\t\t\t\t\t\t<\/rs-layer><!--\n-->\t\t\t\t\t<\/rs-slide>\n\t\t\t\t\t\t<rs-slide style=\"position: absolute;\" data-key=\"rs-29\" data-title=\"Slide\" data-thumb=\"\/\/javierzarzalejos.eu\/wp-content\/uploads\/2024\/05\/REUNION-CON-LA-PLATAFORMA-DE-INFANCIA-2-1-100x50.jpg\" data-anim=\"adpr:false;\" data-in=\"o:0;\" data-out=\"a:false;\">\n\t\t\t\t\t\t\t<img decoding=\"async\" src=\"\/\/javierzarzalejos.eu\/wp-content\/plugins\/revslider\/sr6\/assets\/assets\/dummy.png\" alt=\"\" title=\"REUNI\u00d3N CON LA PLATAFORMA DE INFANCIA 2\" width=\"1600\" height=\"1200\" class=\"rev-slidebg tp-rs-img rs-lazyload\" data-lazyload=\"\/\/javierzarzalejos.eu\/wp-content\/uploads\/2024\/05\/REUNION-CON-LA-PLATAFORMA-DE-INFANCIA-2-1.jpg\" data-no-retina>\n<!--\n\t\t\t\t\t\t\t--><a\n\t\t\t\t\t\t\t\tid=\"slider-1-slide-29-layer-1\" \n\t\t\t\t\t\t\t\tclass=\"rs-layer rev-btn\"\n\t\t\t\t\t\t\t\thref=\"https:\/\/javierzarzalejos.eu\/2024\/05\/27\/reunion-con-la-plataforma-de-infancia\/\" target=\"_self\" rel=\"nofollow\"\n\t\t\t\t\t\t\t\tdata-type=\"button\"\n\t\t\t\t\t\t\t\tdata-rsp_ch=\"on\"\n\t\t\t\t\t\t\t\tdata-xy=\"x:c;xo:340px,385px,0,-14px;y:m;yo:45px,117px,-344px,-226px;\"\n\t\t\t\t\t\t\t\tdata-text=\"w:normal;s:17,19,14,8;l:40,45,34,30;a:center;\"\n\t\t\t\t\t\t\t\tdata-dim=\"minh:0px,none,none,none;\"\n\t\t\t\t\t\t\t\tdata-padding=\"r:25,28,21,13;l:25,28,21,13;\"\n\t\t\t\t\t\t\t\tdata-frame_1=\"st:1500;sp:1000;\"\n\t\t\t\t\t\t\t\tdata-frame_999=\"o:0;st:w;\"\n\t\t\t\t\t\t\t\tdata-frame_hover=\"c:#fff;bgc:#007aff;bor:0px,0px,0px,0px;bri:120%;\"\n\t\t\t\t\t\t\t\tstyle=\"z-index:6;background-color:#0155a0;font-family:'Roboto';\"\n\t\t\t\t\t\t\t>Saber m\u00e1s   <i class=\"fa-search\"><\/i> \n\t\t\t\t\t\t\t<\/a><!--\n\n\t\t\t\t\t\t\t--><rs-layer\n\t\t\t\t\t\t\t\tid=\"slider-1-slide-29-layer-2\" \n\t\t\t\t\t\t\t\tdata-type=\"text\"\n\t\t\t\t\t\t\t\tdata-color=\"#fff\"\n\t\t\t\t\t\t\t\tdata-rsp_ch=\"on\"\n\t\t\t\t\t\t\t\tdata-xy=\"x:c;xo:193px,11px,0,-10px;y:m;yo:119px,38px,-410px,-285px;\"\n\t\t\t\t\t\t\t\tdata-text=\"w:normal;s:20,22,16,9;l:25,28,21,12;ls:2,2,1,0;a:center;\"\n\t\t\t\t\t\t\t\tdata-dim=\"w:446px,90%,90%,306px;minh:0px,none,none,none;\"\n\t\t\t\t\t\t\t\tdata-padding=\"t:10,11,8,5;b:10,11,8,5;\"\n\t\t\t\t\t\t\t\tdata-frame_1=\"st:400;sp:1000;\"\n\t\t\t\t\t\t\t\tdata-frame_999=\"o:0;st:w;\"\n\t\t\t\t\t\t\t\tstyle=\"z-index:5;background-color:#0155a0;font-family:'Roboto';\"\n\t\t\t\t\t\t\t>REUNI\u00d3N CON LA PLATAFORMA DE INFANCIA \n\t\t\t\t\t\t\t<\/rs-layer><!--\n-->\t\t\t\t\t<\/rs-slide>\n\t\t\t\t\t\t<rs-slide style=\"position: absolute;\" data-key=\"rs-30\" data-title=\"Slide\" data-thumb=\"\/\/javierzarzalejos.eu\/wp-content\/uploads\/2024\/05\/REUNION-EN-ALGECIRAS-CON-SINDICATOS-DE-SEGURIDAD-ADUANAS-Y-PRISIONES3-1-100x50.jpg\" data-anim=\"adpr:false;\" data-in=\"o:0;\" data-out=\"a:false;\">\n\t\t\t\t\t\t\t<img decoding=\"async\" src=\"\/\/javierzarzalejos.eu\/wp-content\/plugins\/revslider\/sr6\/assets\/assets\/dummy.png\" alt=\"\" title=\"REUNI\u00d3N EN ALGECIRAS CON SINDICATOS DE SEGURIDAD, ADUANAS Y PRISIONES3\" width=\"1600\" height=\"1200\" class=\"rev-slidebg tp-rs-img rs-lazyload\" data-lazyload=\"\/\/javierzarzalejos.eu\/wp-content\/uploads\/2024\/05\/REUNION-EN-ALGECIRAS-CON-SINDICATOS-DE-SEGURIDAD-ADUANAS-Y-PRISIONES3-1.jpg\" data-no-retina>\n<!--\n\t\t\t\t\t\t\t--><a\n\t\t\t\t\t\t\t\tid=\"slider-1-slide-30-layer-1\" \n\t\t\t\t\t\t\t\tclass=\"rs-layer rev-btn\"\n\t\t\t\t\t\t\t\thref=\"https:\/\/javierzarzalejos.eu\/2024\/05\/24\/reunion-en-algeciras-con-sindicatos-de-seguridad-aduanas-y-prisiones\/\" target=\"_self\" rel=\"nofollow\"\n\t\t\t\t\t\t\t\tdata-type=\"button\"\n\t\t\t\t\t\t\t\tdata-rsp_ch=\"on\"\n\t\t\t\t\t\t\t\tdata-xy=\"x:c;xo:-339px,385px,0,-14px;y:m;yo:58px,117px,-344px,-226px;\"\n\t\t\t\t\t\t\t\tdata-text=\"w:normal;s:17,19,14,8;l:40,45,34,30;a:center;\"\n\t\t\t\t\t\t\t\tdata-dim=\"minh:0px,none,none,none;\"\n\t\t\t\t\t\t\t\tdata-padding=\"r:25,28,21,13;l:25,28,21,13;\"\n\t\t\t\t\t\t\t\tdata-frame_1=\"st:1500;sp:1000;\"\n\t\t\t\t\t\t\t\tdata-frame_999=\"o:0;st:w;\"\n\t\t\t\t\t\t\t\tdata-frame_hover=\"c:#fff;bgc:#007aff;bor:0px,0px,0px,0px;bri:120%;\"\n\t\t\t\t\t\t\t\tstyle=\"z-index:6;background-color:#0155a0;font-family:'Roboto';\"\n\t\t\t\t\t\t\t>Saber m\u00e1s   <i class=\"fa-search\"><\/i> \n\t\t\t\t\t\t\t<\/a><!--\n\n\t\t\t\t\t\t\t--><rs-layer\n\t\t\t\t\t\t\t\tid=\"slider-1-slide-30-layer-2\" \n\t\t\t\t\t\t\t\tdata-type=\"text\"\n\t\t\t\t\t\t\t\tdata-color=\"#fff\"\n\t\t\t\t\t\t\t\tdata-rsp_ch=\"on\"\n\t\t\t\t\t\t\t\tdata-xy=\"x:c;xo:-174px,11px,0,-10px;y:m;yo:128px,38px,-410px,-285px;\"\n\t\t\t\t\t\t\t\tdata-text=\"w:normal;s:20,22,16,9;l:25,28,21,12;ls:2,2,1,0;a:center;\"\n\t\t\t\t\t\t\t\tdata-dim=\"w:480px,90%,90%,306px;h:70px,79px,60px,auto;minh:0px,none,none,none;\"\n\t\t\t\t\t\t\t\tdata-padding=\"t:10,11,8,5;b:10,11,8,5;\"\n\t\t\t\t\t\t\t\tdata-frame_1=\"st:400;sp:1000;\"\n\t\t\t\t\t\t\t\tdata-frame_999=\"o:0;st:w;\"\n\t\t\t\t\t\t\t\tstyle=\"z-index:5;background-color:#0155a0;font-family:'Roboto';\"\n\t\t\t\t\t\t\t>REUNI\u00d3N EN ALGECIRAS CON SINDICATOS DE SEGURIDAD, ADUANAS Y PRISIONES \n\t\t\t\t\t\t\t<\/rs-layer><!--\n-->\t\t\t\t\t<\/rs-slide>\n\t\t\t\t\t\t<rs-slide style=\"position: absolute;\" data-key=\"rs-27\" data-title=\"Slide\" data-thumb=\"\/\/javierzarzalejos.eu\/wp-content\/uploads\/2024\/04\/DESAYUNO-DE-TRABAJO-SOBRE-LOS-RETOS-DE-LA-NUEVA-LEGISLATURA-EUROPEA-8-scaled-100x50.jpeg\" data-anim=\"adpr:false;\" data-in=\"o:0;\" data-out=\"a:false;\">\n\t\t\t\t\t\t\t<img decoding=\"async\" src=\"\/\/javierzarzalejos.eu\/wp-content\/plugins\/revslider\/sr6\/assets\/assets\/dummy.png\" alt=\"\" title=\"DESAYUNO DE TRABAJO SOBRE LOS RETOS DE LA NUEVA LEGISLATURA EUROPEA 8\" width=\"2560\" height=\"1615\" class=\"rev-slidebg tp-rs-img rs-lazyload\" data-lazyload=\"\/\/javierzarzalejos.eu\/wp-content\/uploads\/2024\/04\/DESAYUNO-DE-TRABAJO-SOBRE-LOS-RETOS-DE-LA-NUEVA-LEGISLATURA-EUROPEA-8-scaled.jpeg\" data-no-retina>\n<!--\n\t\t\t\t\t\t\t--><a\n\t\t\t\t\t\t\t\tid=\"slider-1-slide-27-layer-1\" \n\t\t\t\t\t\t\t\tclass=\"rs-layer rev-btn\"\n\t\t\t\t\t\t\t\thref=\"https:\/\/javierzarzalejos.eu\/2024\/04\/22\/desayuno-de-trabajo-sobre-los-retos-de-la-nueva-legislatura-europea\/\" target=\"_self\" rel=\"nofollow\"\n\t\t\t\t\t\t\t\tdata-type=\"button\"\n\t\t\t\t\t\t\t\tdata-rsp_ch=\"on\"\n\t\t\t\t\t\t\t\tdata-xy=\"x:c;xo:341px,385px,0,-14px;y:m;yo:30px,117px,-344px,-226px;\"\n\t\t\t\t\t\t\t\tdata-text=\"w:normal;s:17,19,14,8;l:40,45,34,30;a:center;\"\n\t\t\t\t\t\t\t\tdata-dim=\"minh:0px,none,none,none;\"\n\t\t\t\t\t\t\t\tdata-padding=\"r:25,28,21,13;l:25,28,21,13;\"\n\t\t\t\t\t\t\t\tdata-frame_1=\"st:1500;sp:1000;\"\n\t\t\t\t\t\t\t\tdata-frame_999=\"o:0;st:w;\"\n\t\t\t\t\t\t\t\tdata-frame_hover=\"c:#fff;bgc:#007aff;bor:0px,0px,0px,0px;bri:120%;\"\n\t\t\t\t\t\t\t\tstyle=\"z-index:6;background-color:#0155a0;font-family:'Roboto';\"\n\t\t\t\t\t\t\t>Saber m\u00e1s   <i class=\"fa-search\"><\/i> \n\t\t\t\t\t\t\t<\/a><!--\n\n\t\t\t\t\t\t\t--><rs-layer\n\t\t\t\t\t\t\t\tid=\"slider-1-slide-27-layer-2\" \n\t\t\t\t\t\t\t\tdata-type=\"text\"\n\t\t\t\t\t\t\t\tdata-color=\"#fff\"\n\t\t\t\t\t\t\t\tdata-rsp_ch=\"on\"\n\t\t\t\t\t\t\t\tdata-xy=\"x:c;xo:193px,11px,0,-10px;y:m;yo:119px,38px,-410px,-285px;\"\n\t\t\t\t\t\t\t\tdata-text=\"w:normal;s:20,22,16,9;l:25,28,21,12;ls:2,2,1,0;a:center;\"\n\t\t\t\t\t\t\t\tdata-dim=\"w:446px,90%,90%,306px;minh:0px,none,none,none;\"\n\t\t\t\t\t\t\t\tdata-padding=\"t:10,11,8,5;b:10,11,8,5;\"\n\t\t\t\t\t\t\t\tdata-frame_1=\"st:400;sp:1000;\"\n\t\t\t\t\t\t\t\tdata-frame_999=\"o:0;st:w;\"\n\t\t\t\t\t\t\t\tstyle=\"z-index:5;background-color:#0155a0;font-family:'Roboto';\"\n\t\t\t\t\t\t\t>DESAYUNO DE TRABAJO SOBRE LOS RETOS DE LA NUEVA LEGISLATURA EUROPEA \n\t\t\t\t\t\t\t<\/rs-layer><!--\n-->\t\t\t\t\t<\/rs-slide>\n\t\t\t\t\t\t<rs-slide style=\"position: absolute;\" data-key=\"rs-24\" data-title=\"Slide\" data-thumb=\"\/\/javierzarzalejos.eu\/wp-content\/uploads\/2024\/04\/JAVIER-ZARZALEJOS-100x50.png\" data-anim=\"adpr:false;\" data-in=\"o:0;\" data-out=\"a:false;\">\n\t\t\t\t\t\t\t<img decoding=\"async\" src=\"\/\/javierzarzalejos.eu\/wp-content\/plugins\/revslider\/sr6\/assets\/assets\/dummy.png\" alt=\"\" title=\"JAVIER ZARZALEJOS\" width=\"932\" height=\"621\" class=\"rev-slidebg tp-rs-img rs-lazyload\" data-lazyload=\"\/\/javierzarzalejos.eu\/wp-content\/uploads\/2024\/04\/JAVIER-ZARZALEJOS.png\" data-bg=\"p:0% 20%;\" data-no-retina>\n<!--\n\t\t\t\t\t\t\t--><a\n\t\t\t\t\t\t\t\tid=\"slider-1-slide-24-layer-1\" \n\t\t\t\t\t\t\t\tclass=\"rs-layer rev-btn\"\n\t\t\t\t\t\t\t\thref=\"https:\/\/javierzarzalejos.eu\/2024\/02\/28\/zarzalejos-afirma-que-el-certificado-complementario-de-proteccion-es-esencial-para-la-industria-europea-y-pide-ir-mas-alla\/\" target=\"_self\" rel=\"nofollow\"\n\t\t\t\t\t\t\t\tdata-type=\"button\"\n\t\t\t\t\t\t\t\tdata-rsp_ch=\"on\"\n\t\t\t\t\t\t\t\tdata-xy=\"x:c;xo:340px,385px,0,-14px;y:m;yo:12px,117px,-344px,-226px;\"\n\t\t\t\t\t\t\t\tdata-text=\"w:normal;s:17,19,14,8;l:40,45,34,30;a:center;\"\n\t\t\t\t\t\t\t\tdata-dim=\"minh:0px,none,none,none;\"\n\t\t\t\t\t\t\t\tdata-padding=\"r:25,28,21,13;l:25,28,21,13;\"\n\t\t\t\t\t\t\t\tdata-frame_1=\"st:1500;sp:1000;\"\n\t\t\t\t\t\t\t\tdata-frame_999=\"o:0;st:w;\"\n\t\t\t\t\t\t\t\tdata-frame_hover=\"c:#fff;bgc:#007aff;bor:0px,0px,0px,0px;bri:120%;\"\n\t\t\t\t\t\t\t\tstyle=\"z-index:6;background-color:#0155a0;font-family:'Roboto';\"\n\t\t\t\t\t\t\t>Saber m\u00e1s   <i class=\"fa-search\"><\/i> \n\t\t\t\t\t\t\t<\/a><!--\n\n\t\t\t\t\t\t\t--><rs-layer\n\t\t\t\t\t\t\t\tid=\"slider-1-slide-24-layer-2\" \n\t\t\t\t\t\t\t\tdata-type=\"text\"\n\t\t\t\t\t\t\t\tdata-color=\"#fff\"\n\t\t\t\t\t\t\t\tdata-rsp_ch=\"on\"\n\t\t\t\t\t\t\t\tdata-xy=\"x:c;xo:193px,11px,0,-10px;y:m;yo:119px,38px,-410px,-285px;\"\n\t\t\t\t\t\t\t\tdata-text=\"w:normal;s:20,22,16,9;l:25,28,21,12;ls:2,2,1,0;a:center;\"\n\t\t\t\t\t\t\t\tdata-dim=\"w:446px,90%,90%,306px;minh:0px,none,none,none;\"\n\t\t\t\t\t\t\t\tdata-padding=\"t:10,11,8,5;b:10,11,8,5;\"\n\t\t\t\t\t\t\t\tdata-frame_1=\"st:400;sp:1000;\"\n\t\t\t\t\t\t\t\tdata-frame_999=\"o:0;st:w;\"\n\t\t\t\t\t\t\t\tstyle=\"z-index:5;background-color:#0155a0;font-family:'Roboto';\"\n\t\t\t\t\t\t\t>ZARZALEJOS AFIRMA QUE EL CERTIFICADO COMPLEMENTARIO DE PROTECCI\u00d3N ES ESENCIAL PARA LA INDUSTRIA EUROPEA Y PIDE IR M\u00c1S ALL\u00c1 \n\t\t\t\t\t\t\t<\/rs-layer><!--\n-->\t\t\t\t\t<\/rs-slide>\n\t\t\t\t\t\t<rs-slide style=\"position: absolute;\" data-key=\"rs-25\" data-title=\"Slide\" data-thumb=\"\/\/javierzarzalejos.eu\/wp-content\/uploads\/2024\/04\/Las-Comisiones-de-Libertades-Publicas-y-de-la-Mujer-aprueban-la-Directiva-de-Proteccion-de-Victimas-1-100x50.png\" data-anim=\"adpr:false;\" data-in=\"o:0;\" data-out=\"a:false;\">\n\t\t\t\t\t\t\t<img decoding=\"async\" src=\"\/\/javierzarzalejos.eu\/wp-content\/plugins\/revslider\/sr6\/assets\/assets\/dummy.png\" alt=\"\" title=\"Las Comisiones de Libertades P\u00fablicas y de la Mujer aprueban la Directiva de Protecci\u00f3n de V\u00edctimas (1)\" width=\"1280\" height=\"720\" class=\"rev-slidebg tp-rs-img rs-lazyload\" data-lazyload=\"\/\/javierzarzalejos.eu\/wp-content\/uploads\/2024\/04\/Las-Comisiones-de-Libertades-Publicas-y-de-la-Mujer-aprueban-la-Directiva-de-Proteccion-de-Victimas-1.png\" data-bg=\"p:0% 20%;\" data-no-retina>\n<!--\n\t\t\t\t\t\t\t--><rs-layer\n\t\t\t\t\t\t\t\tid=\"slider-1-slide-25-layer-0\" \n\t\t\t\t\t\t\t\tdata-type=\"text\"\n\t\t\t\t\t\t\t\tdata-color=\"#fff\"\n\t\t\t\t\t\t\t\tdata-rsp_ch=\"on\"\n\t\t\t\t\t\t\t\tdata-xy=\"x:c;xo:-189px,11px,0,-10px;y:m;yo:-117px,38px,-410px,-285px;\"\n\t\t\t\t\t\t\t\tdata-text=\"w:normal;s:20,22,16,9;l:25,28,21,12;ls:2,2,1,0;a:center;\"\n\t\t\t\t\t\t\t\tdata-dim=\"w:446px,90%,90%,306px;minh:0px,none,none,none;\"\n\t\t\t\t\t\t\t\tdata-padding=\"t:10,11,8,5;b:10,11,8,5;\"\n\t\t\t\t\t\t\t\tdata-frame_1=\"st:400;sp:1000;\"\n\t\t\t\t\t\t\t\tdata-frame_999=\"o:0;st:w;\"\n\t\t\t\t\t\t\t\tstyle=\"z-index:5;background-color:#0155a0;font-family:'Roboto';\"\n\t\t\t\t\t\t\t>EL PP LOGRA QUE LA EUROC\u00c1MARA EXIJA EN LA DIRECTIVA DE V\u00cdCTIMAS QUE LOS ESTADOS MIEMBROS IMPIDAN HOMENAJES A TERRORISTAS \n\t\t\t\t\t\t\t<\/rs-layer><!--\n\n\t\t\t\t\t\t\t--><a\n\t\t\t\t\t\t\t\tid=\"slider-1-slide-25-layer-1\" \n\t\t\t\t\t\t\t\tclass=\"rs-layer rev-btn\"\n\t\t\t\t\t\t\t\thref=\"https:\/\/javierzarzalejos.eu\/2024\/03\/14\/el-pp-logra-que-la-eurocamara-exija-en-la-directiva-de-victimas-que-los-estados-miembros-impidan-homenajes-a-terroristas-2\/\" target=\"_self\" rel=\"nofollow\"\n\t\t\t\t\t\t\t\tdata-type=\"button\"\n\t\t\t\t\t\t\t\tdata-rsp_ch=\"on\"\n\t\t\t\t\t\t\t\tdata-xy=\"x:c;xo:-337px,385px,0,-14px;y:m;yo:-25px,117px,-344px,-226px;\"\n\t\t\t\t\t\t\t\tdata-text=\"w:normal;s:17,19,14,8;l:40,45,34,30;a:center;\"\n\t\t\t\t\t\t\t\tdata-dim=\"minh:0px,none,none,none;\"\n\t\t\t\t\t\t\t\tdata-padding=\"r:25,28,21,13;l:25,28,21,13;\"\n\t\t\t\t\t\t\t\tdata-frame_1=\"st:1500;sp:1000;\"\n\t\t\t\t\t\t\t\tdata-frame_999=\"o:0;st:w;\"\n\t\t\t\t\t\t\t\tdata-frame_hover=\"c:#fff;bgc:#007aff;bor:0px,0px,0px,0px;bri:120%;\"\n\t\t\t\t\t\t\t\tstyle=\"z-index:6;background-color:#0155a0;font-family:'Roboto';\"\n\t\t\t\t\t\t\t>Saber m\u00e1s   <i class=\"fa-search\"><\/i> \n\t\t\t\t\t\t\t<\/a><!--\n-->\t\t\t\t\t<\/rs-slide>\n\t\t\t\t\t\t<rs-slide style=\"position: absolute;\" data-key=\"rs-26\" data-title=\"Slide\" data-thumb=\"\/\/javierzarzalejos.eu\/wp-content\/uploads\/2024\/04\/EPP-BUCAREST-100x50.jpg\" data-anim=\"adpr:false;\" data-in=\"o:0;\" data-out=\"a:false;\">\n\t\t\t\t\t\t\t<img decoding=\"async\" src=\"\/\/javierzarzalejos.eu\/wp-content\/plugins\/revslider\/sr6\/assets\/assets\/dummy.png\" alt=\"\" title=\"EPP-BUCAREST\" width=\"2048\" height=\"1366\" class=\"rev-slidebg tp-rs-img rs-lazyload\" data-lazyload=\"\/\/javierzarzalejos.eu\/wp-content\/uploads\/2024\/04\/EPP-BUCAREST.jpg\" data-no-retina>\n<!--\n\t\t\t\t\t\t\t--><rs-layer\n\t\t\t\t\t\t\t\tid=\"slider-1-slide-26-layer-0\" \n\t\t\t\t\t\t\t\tdata-type=\"text\"\n\t\t\t\t\t\t\t\tdata-color=\"#fff\"\n\t\t\t\t\t\t\t\tdata-rsp_ch=\"on\"\n\t\t\t\t\t\t\t\tdata-xy=\"x:c;y:m;yo:-107px,-44px,-190px,-117px;\"\n\t\t\t\t\t\t\t\tdata-text=\"w:normal;s:28,31,23,14;l:45,51,38,23;ls:2,2,1,0;a:center;\"\n\t\t\t\t\t\t\t\tdata-dim=\"w:798px,90%,90%,90%;minh:0px,none,none,none;\"\n\t\t\t\t\t\t\t\tdata-frame_1=\"st:400;sp:1000;\"\n\t\t\t\t\t\t\t\tdata-frame_999=\"o:0;st:w;\"\n\t\t\t\t\t\t\t\tstyle=\"z-index:5;background-color:#0155a0;font-family:'Roboto';\"\n\t\t\t\t\t\t\t>CONGRESO DEL PARTIDO POPULAR EUROPEO EN BUCAREST \n\t\t\t\t\t\t\t<\/rs-layer><!--\n\n\t\t\t\t\t\t\t--><a\n\t\t\t\t\t\t\t\tid=\"slider-1-slide-26-layer-1\" \n\t\t\t\t\t\t\t\tclass=\"rs-layer rev-btn\"\n\t\t\t\t\t\t\t\thref=\"https:\/\/javierzarzalejos.eu\/2024\/03\/06\/congreso-del-partido-popular-europeo-en-bucarest\/\" target=\"_self\" rel=\"nofollow\"\n\t\t\t\t\t\t\t\tdata-type=\"button\"\n\t\t\t\t\t\t\t\tdata-rsp_ch=\"on\"\n\t\t\t\t\t\t\t\tdata-xy=\"x:c;y:m;yo:-25px,-28px,-109px,-67px;\"\n\t\t\t\t\t\t\t\tdata-text=\"w:normal;s:17,19,14,8;l:40,45,34,20;\"\n\t\t\t\t\t\t\t\tdata-dim=\"minh:0px,none,none,none;\"\n\t\t\t\t\t\t\t\tdata-padding=\"r:25,28,21,13;l:25,28,21,13;\"\n\t\t\t\t\t\t\t\tdata-frame_1=\"st:1500;sp:1000;\"\n\t\t\t\t\t\t\t\tdata-frame_999=\"o:0;st:w;\"\n\t\t\t\t\t\t\t\tdata-frame_hover=\"c:#fff;bgc:#007aff;bor:0px,0px,0px,0px;bri:120%;\"\n\t\t\t\t\t\t\t\tstyle=\"z-index:6;background-color:#0155a0;font-family:'Roboto';\"\n\t\t\t\t\t\t\t>Saber m\u00e1s   <i class=\"fa-search\"><\/i> \n\t\t\t\t\t\t\t<\/a><!--\n-->\t\t\t\t\t<\/rs-slide>\n\t\t\t\t\t\t<rs-slide style=\"position: absolute;\" data-key=\"rs-22\" data-title=\"Slide\" data-thumb=\"\/\/javierzarzalejos.eu\/wp-content\/uploads\/2023\/05\/h2_2IGt9Qnc_1280x720-100x50.jpg\" data-anim=\"adpr:false;\" data-in=\"o:0;\" data-out=\"a:false;\">\n\t\t\t\t\t\t\t<img decoding=\"async\" src=\"\/\/javierzarzalejos.eu\/wp-content\/plugins\/revslider\/sr6\/assets\/assets\/dummy.png\" alt=\"\" title=\"h2_2IGt9Qnc_1280x720\" width=\"1280\" height=\"720\" class=\"rev-slidebg tp-rs-img rs-lazyload\" data-lazyload=\"\/\/javierzarzalejos.eu\/wp-content\/uploads\/2023\/05\/h2_2IGt9Qnc_1280x720.jpg\" data-no-retina>\n<!--\n\t\t\t\t\t\t\t--><rs-layer\n\t\t\t\t\t\t\t\tid=\"slider-1-slide-22-layer-0\" \n\t\t\t\t\t\t\t\tdata-type=\"text\"\n\t\t\t\t\t\t\t\tdata-color=\"#fff\"\n\t\t\t\t\t\t\t\tdata-rsp_ch=\"on\"\n\t\t\t\t\t\t\t\tdata-xy=\"x:c;xo:213px,11px,0,-10px;y:m;yo:149px,38px,-410px,-285px;\"\n\t\t\t\t\t\t\t\tdata-text=\"w:normal;s:20,22,16,9;l:25,28,21,12;ls:2,2,1,0;a:center;\"\n\t\t\t\t\t\t\t\tdata-dim=\"w:446px,90%,90%,306px;minh:0px,none,none,none;\"\n\t\t\t\t\t\t\t\tdata-frame_1=\"st:400;sp:1000;\"\n\t\t\t\t\t\t\t\tdata-frame_999=\"o:0;st:w;\"\n\t\t\t\t\t\t\t\tstyle=\"z-index:5;background-color:#0155a0;font-family:'Roboto';\"\n\t\t\t\t\t\t\t>PRESENTACI\u00d3N EN COMISI\u00d3N LIBE DEL INFORME SOBRE LA PROPUESTA LEGISLATIVA DE LA COMISI\u00d3N EUROPEA PARA LA PREVENCI\u00d3N Y LUCHA CONTRA EL ABUSO SEXUAL A MENORES \n\t\t\t\t\t\t\t<\/rs-layer><!--\n\n\t\t\t\t\t\t\t--><a\n\t\t\t\t\t\t\t\tid=\"slider-1-slide-22-layer-1\" \n\t\t\t\t\t\t\t\tclass=\"rs-layer rev-btn\"\n\t\t\t\t\t\t\t\thref=\"https:\/\/javierzarzalejos.eu\/2023\/04\/26\/presentacion-en-comision-libe-del-informe-sobre-la-propuesta-legislativa-de-la-comision-europea-para-la-prevencion-y-lucha-contra-el-abuso-sexual-a-menores\/\" target=\"_self\" rel=\"nofollow\"\n\t\t\t\t\t\t\t\tdata-type=\"button\"\n\t\t\t\t\t\t\t\tdata-rsp_ch=\"on\"\n\t\t\t\t\t\t\t\tdata-xy=\"x:c;xo:360px,385px,0,-14px;y:m;yo:53px,117px,-344px,-226px;\"\n\t\t\t\t\t\t\t\tdata-text=\"w:normal;s:17,19,14,8;l:40,45,34,30;a:center;\"\n\t\t\t\t\t\t\t\tdata-dim=\"minh:0px,none,none,none;\"\n\t\t\t\t\t\t\t\tdata-padding=\"r:25,28,21,13;l:25,28,21,13;\"\n\t\t\t\t\t\t\t\tdata-frame_1=\"st:1500;sp:1000;\"\n\t\t\t\t\t\t\t\tdata-frame_999=\"o:0;st:w;\"\n\t\t\t\t\t\t\t\tdata-frame_hover=\"c:#fff;bgc:#007aff;bor:0px,0px,0px,0px;bri:120%;\"\n\t\t\t\t\t\t\t\tstyle=\"z-index:6;background-color:#0155a0;font-family:'Roboto';\"\n\t\t\t\t\t\t\t>Saber m\u00e1s   <i class=\"fa-search\"><\/i> \n\t\t\t\t\t\t\t<\/a><!--\n-->\t\t\t\t\t<\/rs-slide>\n\t\t\t\t\t<\/rs-slides>\n\t\t\t\t<\/rs-module>\n\t\t\t\t<script>\n\t\t\t\t\tsetREVStartSize({c: 'rev_slider_1_1',rl:[1240,1024,778,480],el:[475,768,960,720],gw:[900,1024,778,480],gh:[475,768,960,720],type:'standard',justify:'',layout:'fullwidth',mh:\"0\"});if (window.RS_MODULES!==undefined && window.RS_MODULES.modules!==undefined && window.RS_MODULES.modules[\"revslider11\"]!==undefined) {window.RS_MODULES.modules[\"revslider11\"].once = false;window.revapi1 = undefined;if (window.RS_MODULES.checkMinimal!==undefined) window.RS_MODULES.checkMinimal()}\n\t\t\t\t<\/script>\n\t\t\t<\/rs-module-wrap>\n\t\t\t<!-- END REVOLUTION SLIDER -->\n\n\t<p>P\u00e1gina web oficial de Javier Zarzalejos<\/p>\n\t<p>Eurodiputado del Partido Popular<\/p>\n\t<p>Bienvenidos a mi p\u00e1gina web oficial, donde podr\u00e9is encontrar informaci\u00f3n sobre mis actividades en el Parlamento Europeo. Conocer\u00e9is mi forma de trabajar con el \u00fanico objetivo de que todos los ciudadanos se sientan europeos y se beneficien de todas sus ventajas.<\/p>\n<p>&nbsp;<\/p>\n\t<h3><strong>Noticias destacadas<\/strong><\/h3>\n\t<h3><strong>\u00daltimas apariciones en prensa<\/strong><\/h3>\n\t<h3>\u00daLTIMOS TRABAJOS:<\/h3>\n\t\t\t\t<img decoding=\"async\" src=\"https:\/\/javierzarzalejos.eu\/wp-content\/uploads\/2023\/07\/PDF-ENTERO-INDEPENDENCIA-JUDICIAL-1.png\" alt=\"PDF-ENTERO-INDEPENDENCIA-JUDICIAL-1\" itemprop=\"image\" height=\"2734\" width=\"1768\" title=\"PDF-ENTERO-INDEPENDENCIA-JUDICIAL-1\" onerror=\"this.style.display='none'\" loading=\"lazy\" \/>\n\t<strong>&#8216;LA PROTECCI\u00d3N DE LA INDEPENDENCIA JUDICIAL EN LA UNI\u00d3N EUROPEA&#8217;<br \/>\n<\/strong><i>Javier Zarzalejos<\/i>\n\t\t\t<a href=\"https:\/\/javierzarzalejos.eu\/wp-content\/uploads\/2023\/07\/PDF-ENTERO-INDEPENDENCIA-JUDICIAL.pdf\" target=\"_self\">\n\t\t\t\t\t\tVer libro\n\t\t\t\t\t<\/a>\n\t\t\t\t<img decoding=\"async\" src=\"https:\/\/javierzarzalejos.eu\/wp-content\/uploads\/2023\/02\/EUROPA-EN-PERSPECTIVA-PORTADA.jpg\" alt=\"EUROPA-EN-PERSPECTIVA-PORTADA\" itemprop=\"image\" height=\"918\" width=\"600\" title=\"EUROPA-EN-PERSPECTIVA-PORTADA\" onerror=\"this.style.display='none'\" loading=\"lazy\" \/>\n\t<p><strong>&#8216;EUROPA EN PERSPECTIVA&#8217;<\/strong><\/p>\n<strong><br \/>\n<\/strong><i>Javier Zarzalejos<\/i>\n\t\t\t<a href=\"https:\/\/javierzarzalejos.eu\/wp-content\/uploads\/2023\/02\/EUROPA-EN-PERSPECTIVA-pdf-lectura.pdf\" target=\"_self\">\n\t\t\t\t\t\tVer libro\n\t\t\t\t\t<\/a>\n\t<h3>Recibe<strong>\u00a0actualizaciones por correo electr\u00f3nico<\/strong><\/h3>\n\t<link href=\"\/\/cdn-images.mailchimp.com\/embedcode\/classic-10_7.css\" rel=\"stylesheet\" type=\"text\/css\"\/>\n<style type=\"text\/css\">\n#mc_embed_signup{background:#fff; clear:left; font:14px Helvetica,Arial,sans-serif; }\n\/* Add your own Mailchimp form style overrides in your site stylesheet or in this style block.\n   We recommend moving this block and the preceding CSS link to the HEAD of your HTML file. *\/\n<\/style>\n<form action=\"https:\/\/javierzarzalejos.us7.list-manage.com\/subscribe\/post?u=ea132284467f3436746faca27&amp;id=2576ffaea4\" method=\"post\" id=\"mc-embedded-subscribe-form\" name=\"mc-embedded-subscribe-form\" target=\"_blank\" novalidate>\n<h2>Inscr\u00edbete a mi Newsletter<\/h2>\n* indicates required\n<label for=\"mce-EMAIL\">Direcci\u00f3n de correo electr\u00f3nico  *<br \/>\n<\/label><br \/>\n<input type=\"email\" value=\"\" name=\"EMAIL\" id=\"mce-EMAIL\"\/>\n<label for=\"mce-FNAME\">Nombre <\/label><br \/>\n<input type=\"text\" value=\"\" name=\"FNAME\" id=\"mce-FNAME\"\/>\n<label for=\"mce-LNAME\">Apellido <\/label><br \/>\n<input type=\"text\" value=\"\" name=\"LNAME\" id=\"mce-LNAME\"\/>\n<p>    <!-- real people should not fill this in and expect good things - do not remove this or risk form bot signups--><\/p>\n<input type=\"text\" name=\"b_ea132284467f3436746faca27_2576ffaea4\" tabindex=\"-1\" value=\"\"\/>\n<input type=\"submit\" value=\"Subscribe\" name=\"subscribe\" id=\"mc-embedded-subscribe\"\/>\n\n<\/form>\n<br \/>\n<!--End mc_embed_signup-->\n\n","protected":false},"excerpt":{"rendered":"<p>P\u00e1gina web oficial de Javier Zarzalejos Eurodiputado del Partido Popular Bienvenidos a mi p\u00e1gina web oficial, donde podr\u00e9is encontrar informaci\u00f3n sobre mis actividades en el Parlamento Europeo. Conocer\u00e9is mi forma de trabajar con el \u00fanico objetivo de que todos los ciudadanos se sientan europeos y se beneficien de todas sus ventajas. &nbsp; Noticias destacadas \u00daltimas&hellip;<\/p>\n","protected":false},"author":1,"featured_media":0,"parent":0,"menu_order":0,"comment_status":"closed","ping_status":"closed","template":"","meta":{"inline_featured_image":false,"_monsterinsights_skip_tracking":false,"_monsterinsights_sitenote_active":false,"_monsterinsights_sitenote_note":"","_monsterinsights_sitenote_category":0,"_vp_format_video_url":"","_vp_image_focal_point":[],"footnotes":""},"class_list":["post-408","page","type-page","status-publish","hentry"],"yoast_head":"<!-- This site is optimized with the Yoast SEO plugin v27.1.1 - https:\/\/yoast.com\/product\/yoast-seo-wordpress\/ -->\n<title>Javier Zarzalejos Oficial | Eurodiputado del Partido Popular<\/title>\n<meta name=\"description\" content=\"Web oficial de Javier Zarzalejos, donde podr\u00e9is encontrar informaci\u00f3n sobre mis actividades en el Parlamento Europeo.\" \/>\n<meta name=\"robots\" content=\"index, follow, max-snippet:-1, max-image-preview:large, max-video-preview:-1\" \/>\n<link rel=\"canonical\" href=\"https:\/\/javierzarzalejos.eu\/en\/\" \/>\n<meta property=\"og:locale\" content=\"en_US\" \/>\n<meta property=\"og:type\" content=\"article\" \/>\n<meta property=\"og:title\" content=\"Javier Zarzalejos Oficial | Eurodiputado del Partido Popular\" \/>\n<meta property=\"og:description\" content=\"Web oficial de Javier Zarzalejos, donde podr\u00e9is encontrar informaci\u00f3n sobre mis actividades en el Parlamento Europeo.\" \/>\n<meta property=\"og:url\" content=\"https:\/\/javierzarzalejos.eu\/en\/\" \/>\n<meta property=\"og:site_name\" content=\"P\u00e1gina oficial de Javier zarzalejos\" \/>\n<meta property=\"article:modified_time\" content=\"2025-09-30T13:41:23+00:00\" \/>\n<meta property=\"og:image\" content=\"https:\/\/javierzarzalejos.eu\/wp-content\/uploads\/2023\/07\/PDF-ENTERO-INDEPENDENCIA-JUDICIAL-1.png\" \/>\n<meta name=\"twitter:card\" content=\"summary_large_image\" \/>\n<meta name=\"twitter:label1\" content=\"Est. reading time\" \/>\n\t<meta name=\"twitter:data1\" content=\"1 minute\" \/>\n<script type=\"application\/ld+json\" class=\"yoast-schema-graph\">{\"@context\":\"https:\/\/schema.org\",\"@graph\":[{\"@type\":\"WebPage\",\"@id\":\"https:\/\/javierzarzalejos.eu\/en\/\",\"url\":\"https:\/\/javierzarzalejos.eu\/en\/\",\"name\":\"Javier Zarzalejos Oficial | Eurodiputado del Partido Popular\",\"isPartOf\":{\"@id\":\"https:\/\/javierzarzalejos.eu\/#website\"},\"primaryImageOfPage\":{\"@id\":\"https:\/\/javierzarzalejos.eu\/en\/#primaryimage\"},\"image\":{\"@id\":\"https:\/\/javierzarzalejos.eu\/en\/#primaryimage\"},\"thumbnailUrl\":\"https:\/\/javierzarzalejos.eu\/wp-content\/uploads\/2023\/07\/PDF-ENTERO-INDEPENDENCIA-JUDICIAL-1.png\",\"datePublished\":\"2020-02-10T11:43:18+00:00\",\"dateModified\":\"2025-09-30T13:41:23+00:00\",\"description\":\"Web oficial de Javier Zarzalejos, donde podr\u00e9is encontrar informaci\u00f3n sobre mis actividades en el Parlamento Europeo.\",\"breadcrumb\":{\"@id\":\"https:\/\/javierzarzalejos.eu\/en\/#breadcrumb\"},\"inLanguage\":\"en-US\",\"potentialAction\":[{\"@type\":\"ReadAction\",\"target\":[\"https:\/\/javierzarzalejos.eu\/en\/\"]}]},{\"@type\":\"ImageObject\",\"inLanguage\":\"en-US\",\"@id\":\"https:\/\/javierzarzalejos.eu\/en\/#primaryimage\",\"url\":\"https:\/\/javierzarzalejos.eu\/wp-content\/uploads\/2023\/07\/PDF-ENTERO-INDEPENDENCIA-JUDICIAL-1.png\",\"contentUrl\":\"https:\/\/javierzarzalejos.eu\/wp-content\/uploads\/2023\/07\/PDF-ENTERO-INDEPENDENCIA-JUDICIAL-1.png\"},{\"@type\":\"BreadcrumbList\",\"@id\":\"https:\/\/javierzarzalejos.eu\/en\/#breadcrumb\",\"itemListElement\":[{\"@type\":\"ListItem\",\"position\":1,\"name\":\"Portada\",\"item\":\"https:\/\/javierzarzalejos.eu\/en\/\"},{\"@type\":\"ListItem\",\"position\":2,\"name\":\"Inicio\"}]},{\"@type\":\"WebSite\",\"@id\":\"https:\/\/javierzarzalejos.eu\/#website\",\"url\":\"https:\/\/javierzarzalejos.eu\/\",\"name\":\"P\u00e1gina oficial de Javier zarzalejos\",\"description\":\"P\u00e1gina oficial de Javier zarzalejos\",\"potentialAction\":[{\"@type\":\"SearchAction\",\"target\":{\"@type\":\"EntryPoint\",\"urlTemplate\":\"https:\/\/javierzarzalejos.eu\/?s={search_term_string}\"},\"query-input\":{\"@type\":\"PropertyValueSpecification\",\"valueRequired\":true,\"valueName\":\"search_term_string\"}}],\"inLanguage\":\"en-US\"}]}<\/script>\n<!-- \/ Yoast SEO plugin. -->","yoast_head_json":{"title":"Javier Zarzalejos Oficial | Eurodiputado del Partido Popular","description":"Web oficial de Javier Zarzalejos, donde podr\u00e9is encontrar informaci\u00f3n sobre mis actividades en el Parlamento Europeo.","robots":{"index":"index","follow":"follow","max-snippet":"max-snippet:-1","max-image-preview":"max-image-preview:large","max-video-preview":"max-video-preview:-1"},"canonical":"https:\/\/javierzarzalejos.eu\/en\/","og_locale":"en_US","og_type":"article","og_title":"Javier Zarzalejos Oficial | Eurodiputado del Partido Popular","og_description":"Web oficial de Javier Zarzalejos, donde podr\u00e9is encontrar informaci\u00f3n sobre mis actividades en el Parlamento Europeo.","og_url":"https:\/\/javierzarzalejos.eu\/en\/","og_site_name":"P\u00e1gina oficial de Javier zarzalejos","article_modified_time":"2025-09-30T13:41:23+00:00","og_image":[{"url":"https:\/\/javierzarzalejos.eu\/wp-content\/uploads\/2023\/07\/PDF-ENTERO-INDEPENDENCIA-JUDICIAL-1.png","type":"","width":"","height":""}],"twitter_card":"summary_large_image","twitter_misc":{"Est. reading time":"1 minute"},"schema":{"@context":"https:\/\/schema.org","@graph":[{"@type":"WebPage","@id":"https:\/\/javierzarzalejos.eu\/en\/","url":"https:\/\/javierzarzalejos.eu\/en\/","name":"Javier Zarzalejos Oficial | Eurodiputado del Partido Popular","isPartOf":{"@id":"https:\/\/javierzarzalejos.eu\/#website"},"primaryImageOfPage":{"@id":"https:\/\/javierzarzalejos.eu\/en\/#primaryimage"},"image":{"@id":"https:\/\/javierzarzalejos.eu\/en\/#primaryimage"},"thumbnailUrl":"https:\/\/javierzarzalejos.eu\/wp-content\/uploads\/2023\/07\/PDF-ENTERO-INDEPENDENCIA-JUDICIAL-1.png","datePublished":"2020-02-10T11:43:18+00:00","dateModified":"2025-09-30T13:41:23+00:00","description":"Web oficial de Javier Zarzalejos, donde podr\u00e9is encontrar informaci\u00f3n sobre mis actividades en el Parlamento Europeo.","breadcrumb":{"@id":"https:\/\/javierzarzalejos.eu\/en\/#breadcrumb"},"inLanguage":"en-US","potentialAction":[{"@type":"ReadAction","target":["https:\/\/javierzarzalejos.eu\/en\/"]}]},{"@type":"ImageObject","inLanguage":"en-US","@id":"https:\/\/javierzarzalejos.eu\/en\/#primaryimage","url":"https:\/\/javierzarzalejos.eu\/wp-content\/uploads\/2023\/07\/PDF-ENTERO-INDEPENDENCIA-JUDICIAL-1.png","contentUrl":"https:\/\/javierzarzalejos.eu\/wp-content\/uploads\/2023\/07\/PDF-ENTERO-INDEPENDENCIA-JUDICIAL-1.png"},{"@type":"BreadcrumbList","@id":"https:\/\/javierzarzalejos.eu\/en\/#breadcrumb","itemListElement":[{"@type":"ListItem","position":1,"name":"Portada","item":"https:\/\/javierzarzalejos.eu\/en\/"},{"@type":"ListItem","position":2,"name":"Inicio"}]},{"@type":"WebSite","@id":"https:\/\/javierzarzalejos.eu\/#website","url":"https:\/\/javierzarzalejos.eu\/","name":"P\u00e1gina oficial de Javier zarzalejos","description":"P\u00e1gina oficial de Javier zarzalejos","potentialAction":[{"@type":"SearchAction","target":{"@type":"EntryPoint","urlTemplate":"https:\/\/javierzarzalejos.eu\/?s={search_term_string}"},"query-input":{"@type":"PropertyValueSpecification","valueRequired":true,"valueName":"search_term_string"}}],"inLanguage":"en-US"}]}},"_links":{"self":[{"href":"https:\/\/javierzarzalejos.eu\/en\/wp-json\/wp\/v2\/pages\/408","targetHints":{"allow":["GET"]}}],"collection":[{"href":"https:\/\/javierzarzalejos.eu\/en\/wp-json\/wp\/v2\/pages"}],"about":[{"href":"https:\/\/javierzarzalejos.eu\/en\/wp-json\/wp\/v2\/types\/page"}],"author":[{"embeddable":true,"href":"https:\/\/javierzarzalejos.eu\/en\/wp-json\/wp\/v2\/users\/1"}],"replies":[{"embeddable":true,"href":"https:\/\/javierzarzalejos.eu\/en\/wp-json\/wp\/v2\/comments?post=408"}],"version-history":[{"count":6,"href":"https:\/\/javierzarzalejos.eu\/en\/wp-json\/wp\/v2\/pages\/408\/revisions"}],"predecessor-version":[{"id":41965,"href":"https:\/\/javierzarzalejos.eu\/en\/wp-json\/wp\/v2\/pages\/408\/revisions\/41965"}],"wp:attachment":[{"href":"https:\/\/javierzarzalejos.eu\/en\/wp-json\/wp\/v2\/media?parent=408"}],"curies":[{"name":"wp","href":"https:\/\/api.w.org\/{rel}","templated":true}]}}